{"id":3123,"date":"2026-01-11T19:50:01","date_gmt":"2026-01-11T18:50:01","guid":{"rendered":"https:\/\/seasolar.ch\/?page_id=3123"},"modified":"2026-08-20T13:57:39","modified_gmt":"2026-08-20T12:57:39","slug":"cessione-diritto-superficie","status":"publish","type":"page","link":"https:\/\/seasolar.ch\/es\/cessione-diritto-superficie\/","title":{"rendered":"Transferencia derechos de superficie"},"content":{"rendered":"<p><span style=\"color: #ffffff;\">Cessione diritto superficie<\/span><\/p>\n<h2>Transferencia derechos de superficie<\/h2>\n<p><span style=\"color: #ffffff;\">Cessione diritto superficie<\/span><br \/>\nNuestra oferta est\u00e1 dirigida a propietarios de terrenos de m\u00e1s de 1 hect\u00e1rea o propiedades con una superficie cubierta superior a 5.000 metros cuadrados.<\/p>\n<p>Gracias a nuestra f\u00f3rmula, el cliente puede transferirnos, por una tarifa significativa, el derecho de superficie, lo que permite la construcci\u00f3n de un sistema fotovoltaico con paneles solares instalados en el suelo o en el tejado.<\/p>\n<p>Si el cliente est\u00e1 interesado, podemos vender la totalidad o parte de la energ\u00eda producida por el sistema fotovoltaico a un precio fijo durante un periodo determinado, mediante un contrato de compraventa de energ\u00eda (PPA).<br \/>\n\r\n\t\t\t <div class=\"promo2\" style=\" background-color:#f7f7f7; border-left-color:#a0ce4e;\">\r\n             \t<div class=\"promo-left promo-left-full\">\r\n\t\t\t\t\t\r\n\t\t\t\t\t<p style=\"color:;\"><strong>Instalaci\u00f3n de un sistema fotovoltaico garantizado a cambio del derecho de superficie.<\/strong><br \/>\nNosotros cubrimos la totalidad de la inversi\u00f3n y la construcci\u00f3n, as\u00ed como las actividades de operaci\u00f3n y mantenimiento. Tambi\u00e9n ofrecemos garant\u00edas de rendimiento.<\/p>\r\n\t\t\t\t<\/div>\r\n                \r\n                <div class=\"clear\"><\/div>\r\n             <\/div>\t\r\n\t\t<br \/>\n\r\n\t\t\t <div class=\"promo2\" style=\" background-color:#f7f7f7; border-left-color:#a0ce4e;\">\r\n             \t<div class=\"promo-left promo-left-full\">\r\n\t\t\t\t\t\r\n\t\t\t\t\t<p style=\"color:;\"><strong>El derecho de superficie se valora mediante una tarifa \u00fanica o una cuota anual durante la vigencia del contrato.<\/strong><br \/>\nEl terreno o el tejado se convierte en una fuente de ingresos para el cliente.<\/p>\r\n\t\t\t\t<\/div>\r\n                \r\n                <div class=\"clear\"><\/div>\r\n             <\/div>\t\r\n\t\t<br \/>\n\r\n\t\t\t <div class=\"promo2\" style=\" background-color:#f7f7f7; border-left-color:#a0ce4e;\">\r\n             \t<div class=\"promo-left promo-left-full\">\r\n\t\t\t\t\t\r\n\t\t\t\t\t<p style=\"color:;\"><strong>Contribuci\u00f3n para la eliminaci\u00f3n de amianto.<\/strong><br \/>\nPara sistemas fotovoltaicos en azoteas, nuestra tarifa cubre la totalidad o parte de los costos de cualquier trabajo de rehabilitaci\u00f3n y renovaci\u00f3n del techo. El cliente abona el resto.<\/p>\r\n\t\t\t\t<\/div>\r\n                \r\n                <div class=\"clear\"><\/div>\r\n             <\/div>\t\r\n\t\t<br \/>\n\r\n\t\t\t <div class=\"promo2\" style=\" background-color:#f7f7f7; border-left-color:#a0ce4e;\">\r\n             \t<div class=\"promo-left promo-left-full\">\r\n\t\t\t\t\t\r\n\t\t\t\t\t<p style=\"color:;\"><strong>VENTAJAS DE LA CESI\u00d3N DE DERECHOS DE SUPERFICIE<\/strong><br \/>\n&nbsp;<br \/>\n<strong>SIN PREOCUPACIONES<\/strong><br \/>\nNos encargamos de todo sin interrumpir la actividad del cliente y sin ninguna intervenci\u00f3n por su parte.<br \/>\n&nbsp;<br \/>\n<strong>ASEQUIBLE<\/strong><br \/>\nPagamos al cliente por el uso de su terreno o azotea, permiti\u00e9ndole obtener ingresos de un recurso sin utilizar.<br \/>\n&nbsp;<br \/>\n<strong>GARANTIZADO<\/strong><br \/>\nA cambio de la cesi\u00f3n de derechos de superficie, instalamos un sistema fotovoltaico garantizado.<br \/>\n&nbsp;<br \/>\n<strong>SOSTENIBILIDAD<\/strong><br \/>\nEl cliente producir\u00e1 energ\u00eda verde, contribuyendo a la transici\u00f3n energ\u00e9tica y mejorando su imagen corporativa.<br \/>\n&nbsp;<br \/>\n<strong>PRECIO DE LA ENERG\u00cdA CON DESCUENTO<\/strong><br \/>\nA cambio de la cesi\u00f3n, podemos vender al cliente la energ\u00eda producida por el sistema fotovoltaico a un precio fijo durante un per\u00edodo determinado.<br \/>\n&nbsp;<br \/>\n<strong>FLEXIBLE<\/strong><br \/>\nLa soluci\u00f3n puede integrarse con un contrato PPA para la venta al cliente de la totalidad o parte de la energ\u00eda producida por la planta.<\/p>\r\n\t\t\t\t<\/div>\r\n                \r\n                <div class=\"clear\"><\/div>\r\n             <\/div>\t\r\n\t\t<br \/>\n\r\n\t\t<div class=\"divider4\"><span><\/span><\/div>\r\n\t\t<br \/>\n\n<div class=\"wpcf7 no-js\" id=\"wpcf7-f391-o5\" lang=\"en-US\" dir=\"ltr\" data-wpcf7-id=\"391\">\n<div class=\"screen-reader-response\"><p role=\"status\" aria-live=\"polite\" aria-atomic=\"true\"><\/p> <ul><\/ul><\/div>\n<form action=\"\/es\/wp-json\/wp\/v2\/pages\/3123#wpcf7-f391-o5\" method=\"post\" class=\"wpcf7-form init\" aria-label=\"Contact form\" novalidate=\"novalidate\" data-status=\"init\">\n<fieldset class=\"hidden-fields-container\"><input type=\"hidden\" name=\"_wpcf7\" value=\"391\" \/><input type=\"hidden\" name=\"_wpcf7_version\" value=\"6.1.7\" \/><input type=\"hidden\" name=\"_wpcf7_locale\" value=\"en_US\" \/><input type=\"hidden\" name=\"_wpcf7_unit_tag\" value=\"wpcf7-f391-o5\" \/><input type=\"hidden\" name=\"_wpcf7_container_post\" value=\"0\" \/><input type=\"hidden\" name=\"_wpcf7_posted_data_hash\" value=\"\" \/>\n<\/fieldset>\n<p><label> <\/label>\n<\/p>\n<h2>Contacto\n<\/h2>\n<p>&nbsp;<br \/>\n<label> Por favor cont\u00e1ctenos con cualquier pregunta que pueda tener relacionada con nuestras ofertas o nuestros productos <\/label>\n<\/p>\n<p><label> Escriba a <a href=\"mailto:info@seasolar.ch\">info@seasolar.ch<\/a> o complete el siguiente formulario y nos pondremos en contacto con usted: <\/label>\n<\/p>\n<p><label> Nombre *<br \/>\n<span class=\"wpcf7-form-control-wrap\" data-name=\"your-name\"><input size=\"40\" maxlength=\"400\" class=\"wpcf7-form-control wpcf7-text wpcf7-validates-as-required\" aria-required=\"true\" aria-invalid=\"false\" value=\"\" type=\"text\" name=\"your-name\" \/><\/span><\/label>\n<\/p>\n<p><label> N\u00famero de tel\u00e9fono *<br \/>\n<span class=\"wpcf7-form-control-wrap\" data-name=\"tel-826\"><input size=\"40\" maxlength=\"400\" class=\"wpcf7-form-control wpcf7-tel wpcf7-validates-as-required wpcf7-text wpcf7-validates-as-tel\" aria-required=\"true\" aria-invalid=\"false\" value=\"\" type=\"tel\" name=\"tel-826\" \/><\/span><\/label>\n<\/p>\n<p><label> Tu correo electr\u00f3nico *<br \/>\n<span class=\"wpcf7-form-control-wrap\" data-name=\"your-email\"><input size=\"40\" maxlength=\"400\" class=\"wpcf7-form-control wpcf7-email wpcf7-validates-as-required wpcf7-text wpcf7-validates-as-email\" aria-required=\"true\" aria-invalid=\"false\" value=\"\" type=\"email\" name=\"your-email\" \/><\/span><\/label>\n<\/p>\n<p><label> Sujeto *<br \/>\n<span class=\"wpcf7-form-control-wrap\" data-name=\"your-subject\"><input size=\"40\" maxlength=\"400\" class=\"wpcf7-form-control wpcf7-text wpcf7-validates-as-required\" aria-required=\"true\" aria-invalid=\"false\" value=\"\" type=\"text\" name=\"your-subject\" \/><\/span> <\/label>\n<\/p>\n<p><label> Mensaje *<br \/>\n<span class=\"wpcf7-form-control-wrap\" data-name=\"your-message\"><textarea cols=\"40\" rows=\"10\" maxlength=\"2000\" class=\"wpcf7-form-control wpcf7-textarea wpcf7-validates-as-required\" aria-required=\"true\" aria-invalid=\"false\" name=\"your-message\"><\/textarea><\/span> <\/label>\n<\/p>\n<p><label> * campo requerido <\/label>\n<\/p>\n<p><input class=\"wpcf7-form-control wpcf7-submit has-spinner\" type=\"submit\" value=\"ENVIAR\" \/>\n<\/p>\n<p><label><\/label>\n<\/p><div class=\"wpcf7-response-output\" aria-hidden=\"true\"><\/div>\n<\/form>\n<\/div>\n<\/p>\n<!-- sktbuilder starter --><script type=\"text\/javascript\" src=\"https:\/\/seasolar.ch\/wp-content\/plugins\/skt-builder\/sktbuilder\/sktbuilder-frontend-starter.js\"><\/script><script type=\"text\/javascript\" src=\"https:\/\/seasolar.ch\/wp-content\/plugins\/skt-builder\/sktbuilder-wordpress-driver.js\"><\/script><script type=\"text\/javascript\"> var starter = new SktbuilderStarter({\"mode\": \"prod\", \"skip\":[\"jquery\",\"underscore\",\"backbone\"],\"sktbuilderUrl\": \"https:\/\/seasolar.ch\/wp-content\/plugins\/skt-builder\/sktbuilder\/\", \"driver\": new SktbuilderWordpressDriver({\"ajaxUrl\": \"https:\/\/seasolar.ch\/wp-admin\/admin-ajax.php\", \"iframeUrl\": \"https:\/\/seasolar.ch\/es\/cessione-diritto-superficie\/?sktbuilder=true\", \"pageId\": 3123,  \"nonce\": \"63bc8213ca\", \"pages\": [], \"page\": \"Transferencia derechos de superficie\" }) });<\/script><!-- end sktbuilder starter -->","protected":false},"excerpt":{"rendered":"<p>Cessione diritto superficie Transferencia derechos de superficie Cessione diritto superficie Nuestra oferta est\u00e1 dirigida a propietarios de terrenos de m\u00e1s de 1 hect\u00e1rea o propiedades con una superficie cubierta superior a 5.000 metros cuadrados. Gracias a nuestra f\u00f3rmula, el cliente puede transferirnos, por una tarifa significativa, el derecho de superficie, lo que permite la construcci\u00f3n<br \/><a class=\"moretag\" href=\"https:\/\/seasolar.ch\/es\/cessione-diritto-superficie\/\">+ Read More<\/a><\/p>\n","protected":false},"author":1,"featured_media":3071,"parent":0,"menu_order":0,"comment_status":"closed","ping_status":"closed","template":"","meta":{"footnotes":""},"class_list":["post-3123","page","type-page","status-publish","has-post-thumbnail","hentry"],"yoast_head":"<!-- This site is optimized with the Yoast SEO Premium plugin v26.7 (Yoast SEO v28.4) - https:\/\/yoast.com\/product\/yoast-seo-premium-wordpress\/ -->\n<title>Cessione diritto superficie - Seasolar Swiss<\/title>\n<meta name=\"description\" content=\"Seasolar Swiss offre servizi di consulenza nell&#039;ambito dell&#039;efficienza energetica, della gestione e ottimizzazione dei consumi per le aziende\" \/>\n<meta name=\"robots\" content=\"index, follow, max-snippet:-1, max-image-preview:large, max-video-preview:-1\" \/>\n<link rel=\"canonical\" href=\"https:\/\/seasolar.ch\/cessione-diritto-superficie\/\" \/>\n<meta property=\"og:locale\" content=\"es_ES\" \/>\n<meta property=\"og:type\" content=\"article\" \/>\n<meta property=\"og:title\" content=\"[:it]Cessione diritto superficie[:en]Transfer surface rights[:de]\u00dcbertragung Oberfl\u00e4chenrechten[:fr]Transfert droits de surface[:es]Transferencia derechos de superficie[:]\" \/>\n<meta property=\"og:description\" content=\"Seasolar Swiss offre servizi di consulenza nell&#039;ambito dell&#039;efficienza energetica, della gestione e ottimizzazione dei consumi per le aziende\" \/>\n<meta property=\"og:url\" content=\"https:\/\/seasolar.ch\/cessione-diritto-superficie\/\" \/>\n<meta property=\"og:site_name\" content=\"Seasolar Swiss\" \/>\n<meta property=\"article:publisher\" content=\"https:\/\/www.facebook.com\/seasolargroup\" \/>\n<meta property=\"article:modified_time\" content=\"2026-08-20T12:57:39+00:00\" \/>\n<meta property=\"og:image\" content=\"https:\/\/seasolar.ch\/wp-content\/uploads\/2026\/01\/Fotovoltaico-20kW-Oristano-IT-09094-1.jpg\" \/>\n\t<meta property=\"og:image:width\" content=\"1290\" \/>\n\t<meta property=\"og:image:height\" content=\"968\" \/>\n\t<meta property=\"og:image:type\" content=\"image\/jpeg\" \/>\n<meta name=\"twitter:card\" content=\"summary_large_image\" \/>\n<meta name=\"twitter:site\" content=\"@seasolargroup\" \/>\n<meta name=\"twitter:label1\" content=\"Tiempo de lectura\" \/>\n\t<meta name=\"twitter:data1\" content=\"8 minutos\" \/>\n<script type=\"application\/ld+json\" class=\"yoast-schema-graph\">{\"@context\":\"https:\\\/\\\/schema.org\",\"@graph\":[{\"@type\":\"WebPage\",\"@id\":\"https:\\\/\\\/seasolar.ch\\\/cessione-diritto-superficie\\\/\",\"url\":\"https:\\\/\\\/seasolar.ch\\\/cessione-diritto-superficie\\\/\",\"name\":\"Cessione diritto superficie - Seasolar Swiss\",\"isPartOf\":{\"@id\":\"https:\\\/\\\/seasolar.ch\\\/#website\"},\"primaryImageOfPage\":{\"@id\":\"https:\\\/\\\/seasolar.ch\\\/cessione-diritto-superficie\\\/#primaryimage\"},\"image\":{\"@id\":\"https:\\\/\\\/seasolar.ch\\\/cessione-diritto-superficie\\\/#primaryimage\"},\"thumbnailUrl\":\"https:\\\/\\\/i0.wp.com\\\/seasolar.ch\\\/wp-content\\\/uploads\\\/2026\\\/01\\\/Fotovoltaico-20kW-Oristano-IT-09094-1.jpg?fit=1290%2C968&ssl=1\",\"datePublished\":\"2026-01-11T18:50:01+00:00\",\"dateModified\":\"2026-08-20T12:57:39+00:00\",\"description\":\"Seasolar Swiss offre servizi di consulenza nell'ambito dell'efficienza energetica, della gestione e ottimizzazione dei consumi per le aziende\",\"breadcrumb\":{\"@id\":\"https:\\\/\\\/seasolar.ch\\\/cessione-diritto-superficie\\\/#breadcrumb\"},\"inLanguage\":\"es\",\"potentialAction\":[{\"@type\":\"ReadAction\",\"target\":[\"https:\\\/\\\/seasolar.ch\\\/cessione-diritto-superficie\\\/\"]}]},{\"@type\":\"ImageObject\",\"inLanguage\":\"es\",\"@id\":\"https:\\\/\\\/seasolar.ch\\\/cessione-diritto-superficie\\\/#primaryimage\",\"url\":\"https:\\\/\\\/i0.wp.com\\\/seasolar.ch\\\/wp-content\\\/uploads\\\/2026\\\/01\\\/Fotovoltaico-20kW-Oristano-IT-09094-1.jpg?fit=1290%2C968&ssl=1\",\"contentUrl\":\"https:\\\/\\\/i0.wp.com\\\/seasolar.ch\\\/wp-content\\\/uploads\\\/2026\\\/01\\\/Fotovoltaico-20kW-Oristano-IT-09094-1.jpg?fit=1290%2C968&ssl=1\",\"width\":1290,\"height\":968,\"caption\":\"servizi\"},{\"@type\":\"BreadcrumbList\",\"@id\":\"https:\\\/\\\/seasolar.ch\\\/cessione-diritto-superficie\\\/#breadcrumb\",\"itemListElement\":[{\"@type\":\"ListItem\",\"position\":1,\"name\":\"Home\",\"item\":\"https:\\\/\\\/seasolar.ch\\\/\"},{\"@type\":\"ListItem\",\"position\":2,\"name\":\"Cessione diritto superficie\"}]},{\"@type\":\"WebSite\",\"@id\":\"https:\\\/\\\/seasolar.ch\\\/#website\",\"url\":\"https:\\\/\\\/seasolar.ch\\\/\",\"name\":\"Seasolar Swiss\",\"description\":\"Dal 2008 impianti fotovoltaici &quot;chiavi in mano&quot;\",\"publisher\":{\"@id\":\"https:\\\/\\\/seasolar.ch\\\/#organization\"},\"potentialAction\":[{\"@type\":\"SearchAction\",\"target\":{\"@type\":\"EntryPoint\",\"urlTemplate\":\"https:\\\/\\\/seasolar.ch\\\/?s={search_term_string}\"},\"query-input\":{\"@type\":\"PropertyValueSpecification\",\"valueRequired\":true,\"valueName\":\"search_term_string\"}}],\"inLanguage\":\"es\"},{\"@type\":\"Organization\",\"@id\":\"https:\\\/\\\/seasolar.ch\\\/#organization\",\"name\":\"Seasolar Swiss\",\"url\":\"https:\\\/\\\/seasolar.ch\\\/\",\"logo\":{\"@type\":\"ImageObject\",\"inLanguage\":\"es\",\"@id\":\"https:\\\/\\\/seasolar.ch\\\/#\\\/schema\\\/logo\\\/image\\\/\",\"url\":\"https:\\\/\\\/i0.wp.com\\\/seasolar.ch\\\/wp-content\\\/uploads\\\/2025\\\/08\\\/cropped-seasolar_logo_2024_social.png?fit=512%2C512&ssl=1\",\"contentUrl\":\"https:\\\/\\\/i0.wp.com\\\/seasolar.ch\\\/wp-content\\\/uploads\\\/2025\\\/08\\\/cropped-seasolar_logo_2024_social.png?fit=512%2C512&ssl=1\",\"width\":512,\"height\":512,\"caption\":\"Seasolar Swiss\"},\"image\":{\"@id\":\"https:\\\/\\\/seasolar.ch\\\/#\\\/schema\\\/logo\\\/image\\\/\"},\"sameAs\":[\"https:\\\/\\\/www.facebook.com\\\/seasolargroup\",\"https:\\\/\\\/x.com\\\/seasolargroup\",\"https:\\\/\\\/www.linkedin.com\\\/in\\\/seasolar-group-news\\\/\",\"https:\\\/\\\/www.youtube.com\\\/channel\\\/UCVrmhrGih_bFnpj0as_vDuQ\",\"https:\\\/\\\/www.instagram.com\\\/fotovoltaico_seasolar\\\/\"]}]}<\/script>\n<!-- \/ Yoast SEO Premium plugin. -->","yoast_head_json":{"title":"Cessione diritto superficie - Seasolar Swiss","description":"Seasolar Swiss offre servizi di consulenza nell'ambito dell'efficienza energetica, della gestione e ottimizzazione dei consumi per le aziende","robots":{"index":"index","follow":"follow","max-snippet":"max-snippet:-1","max-image-preview":"max-image-preview:large","max-video-preview":"max-video-preview:-1"},"canonical":"https:\/\/seasolar.ch\/cessione-diritto-superficie\/","og_locale":"es_ES","og_type":"article","og_title":"[:it]Cessione diritto superficie[:en]Transfer surface rights[:de]\u00dcbertragung Oberfl\u00e4chenrechten[:fr]Transfert droits de surface[:es]Transferencia derechos de superficie[:]","og_description":"Seasolar Swiss offre servizi di consulenza nell'ambito dell'efficienza energetica, della gestione e ottimizzazione dei consumi per le aziende","og_url":"https:\/\/seasolar.ch\/cessione-diritto-superficie\/","og_site_name":"Seasolar Swiss","article_publisher":"https:\/\/www.facebook.com\/seasolargroup","article_modified_time":"2026-08-20T12:57:39+00:00","og_image":[{"width":1290,"height":968,"url":"https:\/\/seasolar.ch\/wp-content\/uploads\/2026\/01\/Fotovoltaico-20kW-Oristano-IT-09094-1.jpg","type":"image\/jpeg"}],"twitter_card":"summary_large_image","twitter_site":"@seasolargroup","twitter_misc":{"Tiempo de lectura":"8 minutos"},"schema":{"@context":"https:\/\/schema.org","@graph":[{"@type":"WebPage","@id":"https:\/\/seasolar.ch\/cessione-diritto-superficie\/","url":"https:\/\/seasolar.ch\/cessione-diritto-superficie\/","name":"Cessione diritto superficie - Seasolar Swiss","isPartOf":{"@id":"https:\/\/seasolar.ch\/#website"},"primaryImageOfPage":{"@id":"https:\/\/seasolar.ch\/cessione-diritto-superficie\/#primaryimage"},"image":{"@id":"https:\/\/seasolar.ch\/cessione-diritto-superficie\/#primaryimage"},"thumbnailUrl":"https:\/\/i0.wp.com\/seasolar.ch\/wp-content\/uploads\/2026\/01\/Fotovoltaico-20kW-Oristano-IT-09094-1.jpg?fit=1290%2C968&ssl=1","datePublished":"2026-01-11T18:50:01+00:00","dateModified":"2026-08-20T12:57:39+00:00","description":"Seasolar Swiss offre servizi di consulenza nell'ambito dell'efficienza energetica, della gestione e ottimizzazione dei consumi per le aziende","breadcrumb":{"@id":"https:\/\/seasolar.ch\/cessione-diritto-superficie\/#breadcrumb"},"inLanguage":"es","potentialAction":[{"@type":"ReadAction","target":["https:\/\/seasolar.ch\/cessione-diritto-superficie\/"]}]},{"@type":"ImageObject","inLanguage":"es","@id":"https:\/\/seasolar.ch\/cessione-diritto-superficie\/#primaryimage","url":"https:\/\/i0.wp.com\/seasolar.ch\/wp-content\/uploads\/2026\/01\/Fotovoltaico-20kW-Oristano-IT-09094-1.jpg?fit=1290%2C968&ssl=1","contentUrl":"https:\/\/i0.wp.com\/seasolar.ch\/wp-content\/uploads\/2026\/01\/Fotovoltaico-20kW-Oristano-IT-09094-1.jpg?fit=1290%2C968&ssl=1","width":1290,"height":968,"caption":"servizi"},{"@type":"BreadcrumbList","@id":"https:\/\/seasolar.ch\/cessione-diritto-superficie\/#breadcrumb","itemListElement":[{"@type":"ListItem","position":1,"name":"Home","item":"https:\/\/seasolar.ch\/"},{"@type":"ListItem","position":2,"name":"Cessione diritto superficie"}]},{"@type":"WebSite","@id":"https:\/\/seasolar.ch\/#website","url":"https:\/\/seasolar.ch\/","name":"Seasolar Swiss","description":"Dal 2008 impianti fotovoltaici &quot;chiavi in mano&quot;","publisher":{"@id":"https:\/\/seasolar.ch\/#organization"},"potentialAction":[{"@type":"SearchAction","target":{"@type":"EntryPoint","urlTemplate":"https:\/\/seasolar.ch\/?s={search_term_string}"},"query-input":{"@type":"PropertyValueSpecification","valueRequired":true,"valueName":"search_term_string"}}],"inLanguage":"es"},{"@type":"Organization","@id":"https:\/\/seasolar.ch\/#organization","name":"Seasolar Swiss","url":"https:\/\/seasolar.ch\/","logo":{"@type":"ImageObject","inLanguage":"es","@id":"https:\/\/seasolar.ch\/#\/schema\/logo\/image\/","url":"https:\/\/i0.wp.com\/seasolar.ch\/wp-content\/uploads\/2025\/08\/cropped-seasolar_logo_2024_social.png?fit=512%2C512&ssl=1","contentUrl":"https:\/\/i0.wp.com\/seasolar.ch\/wp-content\/uploads\/2025\/08\/cropped-seasolar_logo_2024_social.png?fit=512%2C512&ssl=1","width":512,"height":512,"caption":"Seasolar Swiss"},"image":{"@id":"https:\/\/seasolar.ch\/#\/schema\/logo\/image\/"},"sameAs":["https:\/\/www.facebook.com\/seasolargroup","https:\/\/x.com\/seasolargroup","https:\/\/www.linkedin.com\/in\/seasolar-group-news\/","https:\/\/www.youtube.com\/channel\/UCVrmhrGih_bFnpj0as_vDuQ","https:\/\/www.instagram.com\/fotovoltaico_seasolar\/"]}]}},"jetpack_likes_enabled":true,"jetpack-related-posts":[],"jetpack_sharing_enabled":true,"_links":{"self":[{"href":"https:\/\/seasolar.ch\/es\/wp-json\/wp\/v2\/pages\/3123","targetHints":{"allow":["GET"]}}],"collection":[{"href":"https:\/\/seasolar.ch\/es\/wp-json\/wp\/v2\/pages"}],"about":[{"href":"https:\/\/seasolar.ch\/es\/wp-json\/wp\/v2\/types\/page"}],"author":[{"embeddable":true,"href":"https:\/\/seasolar.ch\/es\/wp-json\/wp\/v2\/users\/1"}],"replies":[{"embeddable":true,"href":"https:\/\/seasolar.ch\/es\/wp-json\/wp\/v2\/comments?post=3123"}],"version-history":[{"count":8,"href":"https:\/\/seasolar.ch\/es\/wp-json\/wp\/v2\/pages\/3123\/revisions"}],"predecessor-version":[{"id":3353,"href":"https:\/\/seasolar.ch\/es\/wp-json\/wp\/v2\/pages\/3123\/revisions\/3353"}],"wp:featuredmedia":[{"embeddable":true,"href":"https:\/\/seasolar.ch\/es\/wp-json\/wp\/v2\/media\/3071"}],"wp:attachment":[{"href":"https:\/\/seasolar.ch\/es\/wp-json\/wp\/v2\/media?parent=3123"}],"curies":[{"name":"wp","href":"https:\/\/api.w.org\/{rel}","templated":true}]}}