{"id":794,"date":"2025-09-20T17:36:13","date_gmt":"2025-09-20T16:36:13","guid":{"rendered":"https:\/\/seasolar.ch\/?page_id=794"},"modified":"2025-09-20T18:51:36","modified_gmt":"2025-09-20T17:51:36","slug":"condizioni-generali-vendita","status":"publish","type":"page","link":"https:\/\/seasolar.ch\/fr\/condizioni-generali-vendita\/","title":{"rendered":"Conditions g\u00e9n\u00e9rales vente"},"content":{"rendered":"<p><span style=\"color: #ffffff;\">Conditions g\u00e9n\u00e9rales vente<\/span><\/p>\n<h2>Conditions g\u00e9n\u00e9rales vente<\/h2>\n<p><span style=\"color: #ffffff;\">Conditions g\u00e9n\u00e9rales vente<\/span><\/p>\n<h3>1. Champ d&rsquo;application<\/h3>\n<p>1. Les pr\u00e9sentes Conditions G\u00e9n\u00e9rales de Vente r\u00e9gissent les relations contractuelles entre Sonkraft SA (en tant que propri\u00e9taire de la marque d\u00e9pos\u00e9e Seasolar), dont le si\u00e8ge social est situ\u00e9 Via Maggio 1\/C, 6900 Lugano, num\u00e9ro de registre du commerce CHE-338.510.825, TVA CHE-338.510.825 IVA (ci-apr\u00e8s d\u00e9nomm\u00e9e SONKRAFT), et les entrepreneurs ou personnes, c&rsquo;est-\u00e0-dire les personnes physiques ou morales, ou les soci\u00e9t\u00e9s de personnes avec lesquelles une relation commerciale est \u00e9tablie et qui exercent une activit\u00e9 professionnelle commerciale, priv\u00e9e ou ind\u00e9pendante (ci-apr\u00e8s d\u00e9nomm\u00e9s le CLIENT). Les conditions g\u00e9n\u00e9rales de vente divergentes du CLIENT ne sont pas applicables. Des exceptions sont possibles avec l&rsquo;accord \u00e9crit pr\u00e9alable de SONKRAFT. \u00c0 la conclusion du contrat, le CLIENT accepte automatiquement les pr\u00e9sentes Conditions G\u00e9n\u00e9rales de Vente.<\/p>\n<h3>2. Conclusion du contrat<\/h3>\n<p>1. Les offres de SONKRAFT sont sans engagement. Les contrats ne deviennent effectifs qu&rsquo;apr\u00e8s confirmation de commande ou livraison par SONKRAFT . Les modifications, avenants et accords verbaux n\u00e9cessitent \u00e9galement une confirmation \u00e9crite pour produire leurs effets juridiques. Le CLIENT ne peut annuler une commande d\u00e9j\u00e0 confirm\u00e9e par SONKRAFT\u00a0.<br \/>\n2. L&rsquo;\u00e9tendue de la dette contractuelle repose uniquement sur la confirmation de commande par SONKRAFT\u00a0. Les sp\u00e9cifications relatives aux qualit\u00e9s et aux performances des marchandises sont donn\u00e9es \u00e0 titre indicatif et sans engagement, sauf accord contraire explicite et \u00e9crit. De m\u00eame, les d\u00e9clarations publiques, publicit\u00e9s ou autres formes de publicit\u00e9 ne constituent pas une description contractuellement contraignante de la qualit\u00e9 des marchandises. Des \u00e9carts mineurs par rapport aux sp\u00e9cifications concernant les dimensions, le poids, la composition et la qualit\u00e9 sont r\u00e9serv\u00e9s.<br \/>\n3. SONKRAFT se r\u00e9serve en outre le droit d&rsquo;apporter des modifications, m\u00eame apr\u00e8s l&rsquo;envoi d&rsquo;une confirmation de commande, dans la mesure o\u00f9 ces modifications ne contredisent ni la confirmation de commande ni les sp\u00e9cifications du CLIENT. Le CLIENT acceptera les suggestions suppl\u00e9mentaires de modifications ou d&rsquo;\u00e9carts de la part de SONKRAFT\u00a0dans la mesure o\u00f9 celles-ci sont raisonnables pour le CLIENT.<\/p>\n<h3>3. Prix et conditions de paiement<\/h3>\n<p>1. Sauf indication contraire dans la confirmation de commande, nos prix s&rsquo;entendent d\u00e9part usine, hors frais d&#8217;emballage et de transport, factur\u00e9s s\u00e9par\u00e9ment. Nos prix n&rsquo;incluent pas la TVA ni les droits de douane, factur\u00e9s s\u00e9par\u00e9ment au montant en vigueur au jour de l&rsquo;\u00e9mission de la facture.<br \/>\n2. Le CLIENT est tenu de payer la totalit\u00e9 du prix convenu avant ou \u00e0 la livraison ou de garantir le paiement par une caution conforme aux usages bancaires, sauf accord contraire \u00e9crit. Le solde est d\u00fb dans les 8 (huit) jours suivant l&rsquo;\u00e9mission de la facture, sans d\u00e9duction. En cas de d\u00e9faut de paiement du CLIENT, SONKRAFT est en droit de r\u00e9clamer une p\u00e9nalit\u00e9 de 1 % (un pour cent) par jour de retard, calcul\u00e9e sur le montant d\u00fb, major\u00e9e des int\u00e9r\u00eats de retard au taux l\u00e9gal. Si SONKRAFT est en mesure de prouver des dommages suppl\u00e9mentaires caus\u00e9s par des retards de paiement du CLIENT d\u00e9passant le montant susmentionn\u00e9, SONKRAFT\u00a0sera en droit de r\u00e9clamer ces dommages suppl\u00e9mentaires au CLIENT.<br \/>\n3. Pour les contrats dont le d\u00e9lai de livraison convenu est sup\u00e9rieur \u00e0 deux mois, SONKRAFT\u00a0se r\u00e9serve le droit d&rsquo;augmenter ses prix en fonction des augmentations de co\u00fbts d\u00e9coulant des conventions collectives ou de l&rsquo;augmentation du co\u00fbt des mat\u00e9riaux. Toutefois, une telle augmentation ne peut exc\u00e9der 5 % du prix convenu.<br \/>\n4. Si un paiement \u00e9chelonn\u00e9 a \u00e9t\u00e9 convenu, le solde restant d\u00fb sera imm\u00e9diatement exigible, sans tenir compte de l&rsquo;\u00e9ch\u00e9ance des traites \u00e9ventuelles, si le CLIENT ne s&rsquo;acquitte pas partiellement ou totalement d&rsquo;un acompte.<br \/>\n5. Toutes les commandes sont accept\u00e9es sous r\u00e9serve que le CLIENT soit en mesure de payer l&rsquo;int\u00e9gralit\u00e9 du prix d&rsquo;achat. Si cette condition n&rsquo;est pas remplie \u2013 ce qui est pr\u00e9sum\u00e9 en cas d&rsquo;informations d\u00e9favorables sur la situation financi\u00e8re du CLIENT ou de non-paiement \u00e0 la date pr\u00e9vue \u2013 SONKRAFT peut exiger le paiement imm\u00e9diat avant la livraison des marchandises, quelle que soit la date de paiement convenue. S&rsquo;il est constat\u00e9 que la situation financi\u00e8re du CLIENT s&rsquo;est consid\u00e9rablement d\u00e9t\u00e9rior\u00e9e depuis la conclusion du contrat ou si le CLIENT est en retard de paiement, SONKRAFT\u00a0peut r\u00e9silier le contrat et exiger le paiement imm\u00e9diat de toutes les dettes impay\u00e9es, y compris celles non encore \u00e9chues.<br \/>\n6. Si SONKRAFT\u00a0exerce son droit de r\u00e9siliation du contrat et est en droit de r\u00e9clamer une indemnisation au CLIENT, SONKRAFT\u00a0peut alors exiger une indemnisation pour les frais engag\u00e9s pour la commande, notamment les frais de main-d&rsquo;\u0153uvre.<br \/>\n7. En cas de d\u00e9faut de paiement du CLIENT, les frais de proc\u00e9dure d&rsquo;arbitrage, les frais de recouvrement et les frais de contestation seront enti\u00e8rement \u00e0 sa charge.<\/p>\n<h3>4. Livraison<\/h3>\n<p>1. Les dates et d\u00e9lais de livraison sont convenus par \u00e9crit entre le CLIENT et SONKRAFT\u00a0, pour chaque contrat. Les d\u00e9lais de livraison courent \u00e0 compter de la conclusion du contrat. Si des modifications du contrat sont convenues ult\u00e9rieurement par \u00e9crit, une nouvelle date ou un nouveau d\u00e9lai de livraison doit \u00eatre convenu simultan\u00e9ment, si n\u00e9cessaire.<br \/>\n2. Afin de pouvoir respecter les d\u00e9lais de livraison convenus, il est n\u00e9cessaire que SONKRAFT\u00a0re\u00e7oive tous les documents, permis et autorisations, plans et autres mat\u00e9riels n\u00e9cessaires \u00e0 fournir par le CLIENT.<br \/>\n3. Le CLIENT ne peut exiger une indemnisation pour les dommages r\u00e9sultant d&rsquo;un retard de livraison qu&rsquo;en cas de faute intentionnelle ou de n\u00e9gligence grave de la part de SONKRAFT\u00a0.<br \/>\n4. Les livraisons pr\u00e9sentant des d\u00e9fauts mineurs doivent \u00eatre accept\u00e9es par le CLIENT.<br \/>\n5. Les livraisons partielles sont autoris\u00e9es.<\/p>\n<h3>5. Transfert des risques<\/h3>\n<p>1. Les risques sont transf\u00e9r\u00e9s au CLIENT d\u00e8s que l&rsquo;envoi quitte SONKRAFT et\/ou, en cas d&rsquo;exp\u00e9dition directe, l&rsquo;usine du fournisseur de SONKRAFT et\/ou est pr\u00eat \u00e0 \u00eatre r\u00e9cup\u00e9r\u00e9 par le CLIENT. Ceci s&rsquo;applique \u00e9galement lorsque SONKRAFT\u00a0prend en charge les frais de transport. \u00c0 la demande et aux frais du CLIENT, les livraisons seront assur\u00e9es contre les risques de transport habituels.<br \/>\n2. Le CLIENT est tenu de r\u00e9ceptionner les marchandises fournies par SONKRAFT au plus tard dans les cinq jours ouvrables suivant leur mise \u00e0 disposition : en l&rsquo;absence de r\u00e9clamation de SONKRAFT\u00a0dans le d\u00e9lai susmentionn\u00e9, les marchandises seront consid\u00e9r\u00e9es comme accept\u00e9es.<\/p>\n<h3>6. R\u00e9serve de propri\u00e9t\u00e9<\/h3>\n<p>1. Toutes les marchandises livr\u00e9es restent la propri\u00e9t\u00e9 de SONKRAFT jusqu&rsquo;au paiement int\u00e9gral du prix d&rsquo;achat. SONKRAFT peut exiger la restitution des marchandises livr\u00e9es sous r\u00e9serve de propri\u00e9t\u00e9 si le CLIENT viole les termes du contrat, notamment en cas de retard de paiement. La reprise par SONKRAFT d&rsquo;un article achet\u00e9 constitue une r\u00e9siliation du contrat. SONKRAFT\u00a0est en droit de vendre tout article achet\u00e9 ainsi repris et d&rsquo;en cr\u00e9diter le produit au passif du CLIENT, d\u00e9duction faite des frais de vente.<br \/>\n2. Le CLIENT est tenu de manipuler l&rsquo;article achet\u00e9 avec soin jusqu&rsquo;au transfert de propri\u00e9t\u00e9. Il est notamment tenu de souscrire une assurance contre les incendies, les d\u00e9g\u00e2ts des eaux et le vol, couvrant la valeur de remplacement.<br \/>\n3. En cas de saisie ou d&rsquo;intervention d&rsquo;un tiers, le CLIENT doit imm\u00e9diatement en informer SONKRAFT par \u00e9crit et par courrier recommand\u00e9 afin qu&rsquo;elle puisse intenter une action en justice. Si le tiers n&rsquo;est pas en mesure d&rsquo;indemniser SONKRAFT des frais judiciaires et extrajudiciaires li\u00e9s \u00e0 l&rsquo;action en justice, le CLIENT sera tenu responsable des pertes subies par SONKRAFT\u00a0.<br \/>\n4. Le CLIENT est en droit de revendre l&rsquo;article achet\u00e9 dans le cadre de ses activit\u00e9s commerciales normales ; Le CLIENT c\u00e8de toutefois \u00e0 SONKRAFT d\u00e8s \u00e0 pr\u00e9sent toutes les cr\u00e9ances, \u00e0 hauteur du montant total de la facture finale (TVA incluse), issues de la revente \u00e0 l&rsquo;acheteur ou \u00e0 des tiers, que l&rsquo;objet achet\u00e9 ait \u00e9t\u00e9 revendu avec ou sans transformation. Le CLIENT reste autoris\u00e9 \u00e0 recouvrer la cr\u00e9ance m\u00eame apr\u00e8s sa cession \u00e0 SONKRAFT . SONKRAFT se r\u00e9serve le droit de recouvrer elle-m\u00eame la cr\u00e9ance. SONKRAFT s&rsquo;abstient toutefois de recouvrer la cr\u00e9ance tant que le CLIENT respecte ses obligations de paiement des produits, n&rsquo;est pas en retard de paiement et ne d\u00e9pose pas de proc\u00e9dure de concordat, d&rsquo;insolvabilit\u00e9 ou de cessation de paiement. Dans ce cas, SONKRAFT\u00a0est en droit d&rsquo;exiger du CLIENT qu&rsquo;il l&rsquo;informe des cr\u00e9ances c\u00e9d\u00e9es et de leurs d\u00e9biteurs, qu&rsquo;il fournisse toutes les informations n\u00e9cessaires au recouvrement de ces cr\u00e9ances, qu&rsquo;il remette tous les documents y aff\u00e9rents et qu&rsquo;il informe les d\u00e9biteurs (tiers) de la cession.<br \/>\n5. Le traitement ou la transformation de l&rsquo;objet achet\u00e9 par le CLIENT est toujours effectu\u00e9 pour le compte de SONKRAFT . Si l&rsquo;article achet\u00e9 est transform\u00e9 avec des objets n&rsquo;appartenant pas \u00e0 SONKRAFT , SONKRAFT\u00a0acquiert la copropri\u00e9t\u00e9 du nouveau produit au prorata de la valeur de l&rsquo;article achet\u00e9 (montant factur\u00e9 plus TVA) par rapport aux objets transform\u00e9s au moment de la transformation. Pour l&rsquo;article issu de cette transformation, les m\u00eames dispositions s&rsquo;appliquent que pour l&rsquo;article achet\u00e9 livr\u00e9, soumis \u00e0 r\u00e9serve de propri\u00e9t\u00e9.<br \/>\n6. Si l&rsquo;article achet\u00e9 est indissociablement combin\u00e9 avec d&rsquo;autres objets n&rsquo;appartenant pas \u00e0 SONKRAFT , SONKRAFT acquiert la copropri\u00e9t\u00e9 du nouveau produit au prorata de la valeur de l&rsquo;article achet\u00e9 (montant factur\u00e9 plus TVA) par rapport aux objets combin\u00e9s au moment de leur combinaison. Si la combinaison des objets est r\u00e9alis\u00e9e de telle sorte que l&rsquo;article du CLIENT est consid\u00e9r\u00e9 comme l&rsquo;article principal, il est convenu que le CLIENT c\u00e8de une copropri\u00e9t\u00e9 proportionnelle \u00e0 SONKRAFT . Le CLIENT se r\u00e9serve ainsi la propri\u00e9t\u00e9 exclusive ou la copropri\u00e9t\u00e9 pour SONKRAFT\u00a0.<\/p>\n<h3>7. Droit de r\u00e9tention contractuel<\/h3>\n<p>1. Sur la base de ses cr\u00e9ances issues de la relation contractuelle avec le CLIENT, SONKRAFT\u00a0dispose d&rsquo;un droit de r\u00e9tention contractuel sur les objets entr\u00e9s en sa possession du fait de cette relation. Ce droit de r\u00e9tention contractuel peut \u00e9galement \u00eatre exerc\u00e9 sur les cr\u00e9ances r\u00e9sultant de travaux, de livraisons de remplacement et d&rsquo;autres services rendus ant\u00e9rieurement, dans la mesure o\u00f9 ceux-ci sont li\u00e9s \u00e0 l&rsquo;objet du contrat. Concernant les autres cr\u00e9ances envers le CLIENT, le droit de r\u00e9tention contractuel n&rsquo;est valable que si ces cr\u00e9ances sont incontest\u00e9es ou ont \u00e9t\u00e9 tranch\u00e9es par un tribunal.<\/p>\n<h3>8. Garantie<\/h3>\n<p>1. Le CLIENT est tenu d&rsquo;inspecter les marchandises d\u00e8s leur r\u00e9ception et, en cas de d\u00e9faut constat\u00e9, d&rsquo;en informer SONKRAFT\u00a0par \u00e9crit et par courrier recommand\u00e9 dans les cinq jours ouvrables suivant la livraison.<br \/>\n2. \u00c0 d\u00e9faut de r\u00e9clamation de la part du CLIENT, les marchandises sont r\u00e9put\u00e9es accept\u00e9es.<br \/>\n3. Les droits \u00e0 la garantie se limitent \u00e0 la r\u00e9paration ou au remplacement, \u00e0 la discr\u00e9tion de SONKRAFT\u00a0.<br \/>\n4. Toute autre r\u00e9clamation du CLIENT, notamment en cas de dommages indirects r\u00e9sultant de d\u00e9fauts, est exclue, sauf si elle r\u00e9sulte de l&rsquo;absence de caract\u00e9ristiques garanties.<br \/>\n5. SONKRAFT n&rsquo;accorde aucune garantie sur les marchandises qu&rsquo;elle vend, car elle ne les fabrique pas. SONKRAFT n&rsquo;assume donc aucune obligation d\u00e9coulant des garanties du fabricant pour ces marchandises. Les fournisseurs et\/ou fabricants des marchandises vendues par SONKRAFT ne sont pas autoris\u00e9s \u00e0 faire des d\u00e9clarations de garantie affectant SONKRAFT . Les r\u00e9clamations du CLIENT au titre des garanties du fournisseur et\/ou du fabricant doivent donc \u00eatre adress\u00e9es directement aux fournisseurs et\/ou fabricants des m\u00eames marchandises. Tout autre engagement de garantie pris par \u00e9crit par SONKRAFT\u00a0reste inchang\u00e9.<\/p>\n<h3>9. Autre responsabilit\u00e9<\/h3>\n<p>1. Toute demande de dommages et int\u00e9r\u00eats du CLIENT, quel que soit le fondement juridique, est exclue. Ceci ne s&rsquo;applique pas aux cas o\u00f9 la responsabilit\u00e9 l\u00e9gale est obligatoire. Les dommages et int\u00e9r\u00eats pour violation d&rsquo;obligations contractuelles essentielles sont limit\u00e9s aux dommages pr\u00e9visibles typiques de ce type de contrat, sauf si cela r\u00e9sulte d&rsquo;une intention ou d&rsquo;une n\u00e9gligence grave.<br \/>\n2. Si le CLIENT vend les marchandises livr\u00e9es dans un \u00e9tat modifi\u00e9 ou apr\u00e8s les avoir associ\u00e9es \u00e0 d&rsquo;autres marchandises, il indemnisera SONKRAFT\u00a0de toute r\u00e9clamation de tiers en responsabilit\u00e9 du fait des produits dans le cadre de leur relation interne, dans la mesure o\u00f9 le CLIENT est responsable du d\u00e9faut d\u00e9clenchant la responsabilit\u00e9.<br \/>\n3. Toute modification des marchandises ainsi que tout \u00e9tiquetage, tel que la marque du CLIENT et\/ou la marque d&rsquo;origine d&rsquo;un tiers, ne sont pas autoris\u00e9s.<\/p>\n<h3>10. Clause de divisibilit\u00e9, lieu d&rsquo;ex\u00e9cution, juridiction comp\u00e9tente, forme \u00e9crite<\/h3>\n<p>1. Si une disposition des pr\u00e9sentes Conditions G\u00e9n\u00e9rales de Vente (ou une partie d&rsquo;une disposition) est jug\u00e9e invalide ou inapplicable par un tribunal ou une autorit\u00e9 comp\u00e9tente, cette disposition ou partie de disposition sera, dans la mesure requise, r\u00e9put\u00e9e supprim\u00e9e, sans que cela n&rsquo;affecte la validit\u00e9 et l&rsquo;applicabilit\u00e9 des autres dispositions des pr\u00e9sentes Conditions G\u00e9n\u00e9rales de Vente.<br \/>\n2. Si une disposition invalide, inapplicable ou ill\u00e9gale des pr\u00e9sentes Conditions G\u00e9n\u00e9rales de Vente \u00e9tait valide, applicable et l\u00e9gale si une partie de celle-ci \u00e9tait supprim\u00e9e, cette disposition s&rsquo;appliquera avec les modifications minimales n\u00e9cessaires pour la rendre l\u00e9gale, valide et applicable.<br \/>\n3. Les pr\u00e9sentes Conditions G\u00e9n\u00e9rales de Vente et tout litige ou r\u00e9clamation d\u00e9coulant de celles-ci, de leur objet ou de leur formation (y compris les litiges ou r\u00e9clamations non contractuels) seront r\u00e9gis et interpr\u00e9t\u00e9s conform\u00e9ment au droit italien.<br \/>\n4. En cas de litige, de diff\u00e9rend, de controverse ou de r\u00e9clamation, quelle qu&rsquo;en soit la nature, d\u00e9coulant des pr\u00e9sentes Conditions G\u00e9n\u00e9rales de Vente ou en rapport avec celles-ci, y compris en cas de violation, d&rsquo;existence, d&rsquo;interpr\u00e9tation ou de validit\u00e9 des pr\u00e9sentes Conditions G\u00e9n\u00e9rales de Vente, SONKRAFT\u00a0et le CLIENT s&rsquo;efforceront de bonne foi de r\u00e9soudre ce litige rapidement et \u00e0 l&rsquo;amiable par la n\u00e9gociation.<br \/>\n5. Si SONKRAFT et le CLIENT ne parviennent pas \u00e0 r\u00e9gler le litige \u00e0 l&rsquo;amiable par la n\u00e9gociation dans les vingt jours suivant la notification du litige par l&rsquo;une des parties \u00e0 l&rsquo;autre, chacune des parties pourra choisir, par notification \u00e9crite \u00e0 l&rsquo;autre partie, de r\u00e9gler d\u00e9finitivement ce litige par arbitrage, conform\u00e9ment au R\u00e8glement d&rsquo;arbitrage de la Chambre de commerce de Lugano, lequel r\u00e8glement est r\u00e9put\u00e9 incorpor\u00e9 par r\u00e9f\u00e9rence \u00e0 la pr\u00e9sente clause. Le lieu de l&rsquo;arbitrage sera Lugano, et la langue de l&rsquo;arbitrage sera l&rsquo;italien. La d\u00e9cision d&rsquo;un arbitre concernant le litige sera d\u00e9finitive et contraignante pour les parties.<br \/>\n6. Aucune modification des pr\u00e9sentes Conditions G\u00e9n\u00e9rales de Vente ou de l&rsquo;un des documents qui y sont mentionn\u00e9s ne sera effective \u00e0 moins d&rsquo;\u00eatre formul\u00e9e par \u00e9crit et sign\u00e9e par SONKRAFT\u00a0.<br \/>\nVersion mise \u00e0 jour : septembre 2025<br \/>\n\r\n\t\t<div class=\"divider4\"><span><\/span><\/div>\r\n\t\t<br \/>\n\n<div class=\"wpcf7 no-js\" id=\"wpcf7-f391-o4\" lang=\"en-US\" dir=\"ltr\" data-wpcf7-id=\"391\">\n<div class=\"screen-reader-response\"><p role=\"status\" aria-live=\"polite\" aria-atomic=\"true\"><\/p> <ul><\/ul><\/div>\n<form action=\"\/fr\/wp-json\/wp\/v2\/pages\/794#wpcf7-f391-o4\" method=\"post\" class=\"wpcf7-form init\" aria-label=\"Contact form\" novalidate=\"novalidate\" data-status=\"init\">\n<fieldset class=\"hidden-fields-container\"><input type=\"hidden\" name=\"_wpcf7\" value=\"391\" \/><input type=\"hidden\" name=\"_wpcf7_version\" value=\"6.1.5\" \/><input type=\"hidden\" name=\"_wpcf7_locale\" value=\"en_US\" \/><input type=\"hidden\" name=\"_wpcf7_unit_tag\" value=\"wpcf7-f391-o4\" \/><input type=\"hidden\" name=\"_wpcf7_container_post\" value=\"0\" \/><input type=\"hidden\" name=\"_wpcf7_posted_data_hash\" value=\"\" \/>\n<\/fieldset>\n<p><label> <\/label>\n<\/p>\n<h2>Contact\n<\/h2>\n<p>&nbsp;<br \/>\n<label> N\u2019h\u00e9sitez pas \u00e0 nous contacter pour toute question concernant nos offres ou nos produitss <\/label>\n<\/p>\n<p><label> \u00c9crivez \u00e0 <a href=\"mailto:info@seasolar.ch\">info@seasolar.ch<\/a> ou remplissez le formulaire suivant et nous vous contacterons: <\/label>\n<\/p>\n<p><label> Nom *<br \/>\n<span class=\"wpcf7-form-control-wrap\" data-name=\"your-name\"><input size=\"40\" maxlength=\"400\" class=\"wpcf7-form-control wpcf7-text wpcf7-validates-as-required\" aria-required=\"true\" aria-invalid=\"false\" value=\"\" type=\"text\" name=\"your-name\" \/><\/span><\/label>\n<\/p>\n<p><label> Num\u00e9ro de t\u00e9l\u00e9phone *<br \/>\n<span class=\"wpcf7-form-control-wrap\" data-name=\"tel-826\"><input size=\"40\" maxlength=\"400\" class=\"wpcf7-form-control wpcf7-tel wpcf7-validates-as-required wpcf7-text wpcf7-validates-as-tel\" aria-required=\"true\" aria-invalid=\"false\" value=\"\" type=\"tel\" name=\"tel-826\" \/><\/span><\/label>\n<\/p>\n<p><label> Votre E-mail *<br \/>\n<span class=\"wpcf7-form-control-wrap\" data-name=\"your-email\"><input size=\"40\" maxlength=\"400\" class=\"wpcf7-form-control wpcf7-email wpcf7-validates-as-required wpcf7-text wpcf7-validates-as-email\" aria-required=\"true\" aria-invalid=\"false\" value=\"\" type=\"email\" name=\"your-email\" \/><\/span><\/label>\n<\/p>\n<p><label> Sujet *<br \/>\n<span class=\"wpcf7-form-control-wrap\" data-name=\"your-subject\"><input size=\"40\" maxlength=\"400\" class=\"wpcf7-form-control wpcf7-text wpcf7-validates-as-required\" aria-required=\"true\" aria-invalid=\"false\" value=\"\" type=\"text\" name=\"your-subject\" \/><\/span> <\/label>\n<\/p>\n<p><label> Message *<br \/>\n<span class=\"wpcf7-form-control-wrap\" data-name=\"your-message\"><textarea cols=\"40\" rows=\"10\" maxlength=\"2000\" class=\"wpcf7-form-control wpcf7-textarea wpcf7-validates-as-required\" aria-required=\"true\" aria-invalid=\"false\" name=\"your-message\"><\/textarea><\/span> <\/label>\n<\/p>\n<p><label> * champs requis <\/label>\n<\/p>\n<p><input class=\"wpcf7-form-control wpcf7-submit has-spinner\" type=\"submit\" value=\"ENVOYER\" \/>\n<\/p>\n<p><label><\/label>\n<\/p><div class=\"wpcf7-response-output\" aria-hidden=\"true\"><\/div>\n<\/form>\n<\/div>\n<\/p>\n<!-- sktbuilder starter --><script type=\"text\/javascript\" src=\"https:\/\/seasolar.ch\/wp-content\/plugins\/skt-builder\/sktbuilder\/sktbuilder-frontend-starter.js\"><\/script><script type=\"text\/javascript\" src=\"https:\/\/seasolar.ch\/wp-content\/plugins\/skt-builder\/sktbuilder-wordpress-driver.js\"><\/script><script type=\"text\/javascript\"> var starter = new SktbuilderStarter({\"mode\": \"prod\", \"skip\":[\"jquery\",\"underscore\",\"backbone\"],\"sktbuilderUrl\": \"https:\/\/seasolar.ch\/wp-content\/plugins\/skt-builder\/sktbuilder\/\", \"driver\": new SktbuilderWordpressDriver({\"ajaxUrl\": \"https:\/\/seasolar.ch\/wp-admin\/admin-ajax.php\", \"iframeUrl\": \"https:\/\/seasolar.ch\/fr\/condizioni-generali-vendita\/?sktbuilder=true\", \"pageId\": 794,  \"nonce\": \"a4818ce3e8\", \"pages\": [], \"page\": \"Conditions g\u00e9n\u00e9rales vente\" }) });<\/script><!-- end sktbuilder starter -->","protected":false},"excerpt":{"rendered":"<p>Conditions g\u00e9n\u00e9rales vente Conditions g\u00e9n\u00e9rales vente Conditions g\u00e9n\u00e9rales vente 1. Champ d&rsquo;application 1. Les pr\u00e9sentes Conditions G\u00e9n\u00e9rales de Vente r\u00e9gissent les relations contractuelles entre Sonkraft SA (en tant que propri\u00e9taire de la marque d\u00e9pos\u00e9e Seasolar), dont le si\u00e8ge social est situ\u00e9 Via Maggio 1\/C, 6900 Lugano, num\u00e9ro de registre du commerce CHE-338.510.825, TVA CHE-338.510.825 IVA<br \/><a class=\"moretag\" href=\"https:\/\/seasolar.ch\/fr\/condizioni-generali-vendita\/\">+ Read More<\/a><\/p>\n","protected":false},"author":1,"featured_media":8,"parent":0,"menu_order":0,"comment_status":"closed","ping_status":"closed","template":"","meta":{"footnotes":""},"class_list":["post-794","page","type-page","status-publish","has-post-thumbnail","hentry"],"yoast_head":"<!-- This site is optimized with the Yoast SEO Premium plugin v26.7 (Yoast SEO v27.5) - https:\/\/yoast.com\/product\/yoast-seo-premium-wordpress\/ -->\n<title>Seasolar Swiss - Condizioni generali vendita<\/title>\n<meta name=\"description\" content=\"Seasolar Swiss offre servizi di consulenza nell&#039;ambito dell&#039;efficienza energetica, della gestione e ottimizzazione dei consumi per le aziende\" \/>\n<meta name=\"robots\" content=\"noindex, nofollow\" \/>\n<meta property=\"og:locale\" content=\"fr_FR\" \/>\n<meta property=\"og:type\" content=\"article\" \/>\n<meta property=\"og:title\" content=\"[:it]Condizioni generali vendita[:en]General Terms Business[:de]Allgemeine Gesch\u00e4ftsbedingungen[:fr]Conditions g\u00e9n\u00e9rales vente[:es]Condiciones generales negocio[:]\" \/>\n<meta property=\"og:description\" content=\"Seasolar Swiss offre servizi di consulenza nell&#039;ambito dell&#039;efficienza energetica, della gestione e ottimizzazione dei consumi per le aziende\" \/>\n<meta property=\"og:url\" content=\"https:\/\/seasolar.ch\/condizioni-generali-vendita\/\" \/>\n<meta property=\"og:site_name\" content=\"Seasolar Swiss\" \/>\n<meta property=\"article:publisher\" content=\"https:\/\/www.facebook.com\/seasolargroup\" \/>\n<meta property=\"article:modified_time\" content=\"2025-09-20T17:51:36+00:00\" \/>\n<meta property=\"og:image\" content=\"https:\/\/seasolar.ch\/wp-content\/uploads\/2025\/08\/cropped-seasolar_logo_2024_social.png\" \/>\n\t<meta property=\"og:image:width\" content=\"512\" \/>\n\t<meta property=\"og:image:height\" content=\"512\" \/>\n\t<meta property=\"og:image:type\" content=\"image\/png\" \/>\n<meta name=\"twitter:card\" content=\"summary_large_image\" \/>\n<meta name=\"twitter:site\" content=\"@seasolargroup\" \/>\n<meta name=\"twitter:label1\" content=\"Dur\u00e9e de lecture estim\u00e9e\" \/>\n\t<meta name=\"twitter:data1\" content=\"60 minutes\" \/>\n<script type=\"application\/ld+json\" class=\"yoast-schema-graph\">{\"@context\":\"https:\\\/\\\/schema.org\",\"@graph\":[{\"@type\":\"WebPage\",\"@id\":\"https:\\\/\\\/seasolar.ch\\\/condizioni-generali-vendita\\\/\",\"url\":\"https:\\\/\\\/seasolar.ch\\\/condizioni-generali-vendita\\\/\",\"name\":\"Seasolar Swiss - Condizioni generali vendita\",\"isPartOf\":{\"@id\":\"https:\\\/\\\/seasolar.ch\\\/#website\"},\"primaryImageOfPage\":{\"@id\":\"https:\\\/\\\/seasolar.ch\\\/condizioni-generali-vendita\\\/#primaryimage\"},\"image\":{\"@id\":\"https:\\\/\\\/seasolar.ch\\\/condizioni-generali-vendita\\\/#primaryimage\"},\"thumbnailUrl\":\"https:\\\/\\\/i0.wp.com\\\/seasolar.ch\\\/wp-content\\\/uploads\\\/2025\\\/08\\\/cropped-seasolar_logo_2024_social.png?fit=512%2C512&ssl=1\",\"datePublished\":\"2025-09-20T16:36:13+00:00\",\"dateModified\":\"2025-09-20T17:51:36+00:00\",\"description\":\"Seasolar Swiss offre servizi di consulenza nell'ambito dell'efficienza energetica, della gestione e ottimizzazione dei consumi per le aziende\",\"breadcrumb\":{\"@id\":\"https:\\\/\\\/seasolar.ch\\\/condizioni-generali-vendita\\\/#breadcrumb\"},\"inLanguage\":\"fr-FR\",\"potentialAction\":[{\"@type\":\"ReadAction\",\"target\":[\"https:\\\/\\\/seasolar.ch\\\/condizioni-generali-vendita\\\/\"]}]},{\"@type\":\"ImageObject\",\"inLanguage\":\"fr-FR\",\"@id\":\"https:\\\/\\\/seasolar.ch\\\/condizioni-generali-vendita\\\/#primaryimage\",\"url\":\"https:\\\/\\\/i0.wp.com\\\/seasolar.ch\\\/wp-content\\\/uploads\\\/2025\\\/08\\\/cropped-seasolar_logo_2024_social.png?fit=512%2C512&ssl=1\",\"contentUrl\":\"https:\\\/\\\/i0.wp.com\\\/seasolar.ch\\\/wp-content\\\/uploads\\\/2025\\\/08\\\/cropped-seasolar_logo_2024_social.png?fit=512%2C512&ssl=1\",\"width\":512,\"height\":512,\"caption\":\"Seasolar Swiss\"},{\"@type\":\"BreadcrumbList\",\"@id\":\"https:\\\/\\\/seasolar.ch\\\/condizioni-generali-vendita\\\/#breadcrumb\",\"itemListElement\":[{\"@type\":\"ListItem\",\"position\":1,\"name\":\"Home\",\"item\":\"https:\\\/\\\/seasolar.ch\\\/\"},{\"@type\":\"ListItem\",\"position\":2,\"name\":\"Condizioni generali vendita\"}]},{\"@type\":\"WebSite\",\"@id\":\"https:\\\/\\\/seasolar.ch\\\/#website\",\"url\":\"https:\\\/\\\/seasolar.ch\\\/\",\"name\":\"Seasolar Swiss\",\"description\":\"Dal 2008 impianti fotovoltaici &quot;chiavi in mano&quot;\",\"publisher\":{\"@id\":\"https:\\\/\\\/seasolar.ch\\\/#organization\"},\"potentialAction\":[{\"@type\":\"SearchAction\",\"target\":{\"@type\":\"EntryPoint\",\"urlTemplate\":\"https:\\\/\\\/seasolar.ch\\\/?s={search_term_string}\"},\"query-input\":{\"@type\":\"PropertyValueSpecification\",\"valueRequired\":true,\"valueName\":\"search_term_string\"}}],\"inLanguage\":\"fr-FR\"},{\"@type\":\"Organization\",\"@id\":\"https:\\\/\\\/seasolar.ch\\\/#organization\",\"name\":\"Seasolar Swiss\",\"url\":\"https:\\\/\\\/seasolar.ch\\\/\",\"logo\":{\"@type\":\"ImageObject\",\"inLanguage\":\"fr-FR\",\"@id\":\"https:\\\/\\\/seasolar.ch\\\/#\\\/schema\\\/logo\\\/image\\\/\",\"url\":\"https:\\\/\\\/seasolar.ch\\\/wp-content\\\/uploads\\\/2025\\\/08\\\/cropped-seasolar_logo_2024_social.png\",\"contentUrl\":\"https:\\\/\\\/seasolar.ch\\\/wp-content\\\/uploads\\\/2025\\\/08\\\/cropped-seasolar_logo_2024_social.png\",\"width\":512,\"height\":512,\"caption\":\"Seasolar Swiss\"},\"image\":{\"@id\":\"https:\\\/\\\/seasolar.ch\\\/#\\\/schema\\\/logo\\\/image\\\/\"},\"sameAs\":[\"https:\\\/\\\/www.facebook.com\\\/seasolargroup\",\"https:\\\/\\\/x.com\\\/seasolargroup\",\"https:\\\/\\\/www.linkedin.com\\\/in\\\/seasolar-group-news\\\/\",\"https:\\\/\\\/www.youtube.com\\\/channel\\\/UCVrmhrGih_bFnpj0as_vDuQ\",\"https:\\\/\\\/www.instagram.com\\\/fotovoltaico_seasolar\\\/\"]}]}<\/script>\n<!-- \/ Yoast SEO Premium plugin. -->","yoast_head_json":{"title":"Seasolar Swiss - Condizioni generali vendita","description":"Seasolar Swiss offre servizi di consulenza nell'ambito dell'efficienza energetica, della gestione e ottimizzazione dei consumi per le aziende","robots":{"index":"noindex","follow":"nofollow"},"og_locale":"fr_FR","og_type":"article","og_title":"[:it]Condizioni generali vendita[:en]General Terms Business[:de]Allgemeine Gesch\u00e4ftsbedingungen[:fr]Conditions g\u00e9n\u00e9rales vente[:es]Condiciones generales negocio[:]","og_description":"Seasolar Swiss offre servizi di consulenza nell'ambito dell'efficienza energetica, della gestione e ottimizzazione dei consumi per le aziende","og_url":"https:\/\/seasolar.ch\/condizioni-generali-vendita\/","og_site_name":"Seasolar Swiss","article_publisher":"https:\/\/www.facebook.com\/seasolargroup","article_modified_time":"2025-09-20T17:51:36+00:00","og_image":[{"width":512,"height":512,"url":"https:\/\/seasolar.ch\/wp-content\/uploads\/2025\/08\/cropped-seasolar_logo_2024_social.png","type":"image\/png"}],"twitter_card":"summary_large_image","twitter_site":"@seasolargroup","twitter_misc":{"Dur\u00e9e de lecture estim\u00e9e":"60 minutes"},"schema":{"@context":"https:\/\/schema.org","@graph":[{"@type":"WebPage","@id":"https:\/\/seasolar.ch\/condizioni-generali-vendita\/","url":"https:\/\/seasolar.ch\/condizioni-generali-vendita\/","name":"Seasolar Swiss - Condizioni generali vendita","isPartOf":{"@id":"https:\/\/seasolar.ch\/#website"},"primaryImageOfPage":{"@id":"https:\/\/seasolar.ch\/condizioni-generali-vendita\/#primaryimage"},"image":{"@id":"https:\/\/seasolar.ch\/condizioni-generali-vendita\/#primaryimage"},"thumbnailUrl":"https:\/\/i0.wp.com\/seasolar.ch\/wp-content\/uploads\/2025\/08\/cropped-seasolar_logo_2024_social.png?fit=512%2C512&ssl=1","datePublished":"2025-09-20T16:36:13+00:00","dateModified":"2025-09-20T17:51:36+00:00","description":"Seasolar Swiss offre servizi di consulenza nell'ambito dell'efficienza energetica, della gestione e ottimizzazione dei consumi per le aziende","breadcrumb":{"@id":"https:\/\/seasolar.ch\/condizioni-generali-vendita\/#breadcrumb"},"inLanguage":"fr-FR","potentialAction":[{"@type":"ReadAction","target":["https:\/\/seasolar.ch\/condizioni-generali-vendita\/"]}]},{"@type":"ImageObject","inLanguage":"fr-FR","@id":"https:\/\/seasolar.ch\/condizioni-generali-vendita\/#primaryimage","url":"https:\/\/i0.wp.com\/seasolar.ch\/wp-content\/uploads\/2025\/08\/cropped-seasolar_logo_2024_social.png?fit=512%2C512&ssl=1","contentUrl":"https:\/\/i0.wp.com\/seasolar.ch\/wp-content\/uploads\/2025\/08\/cropped-seasolar_logo_2024_social.png?fit=512%2C512&ssl=1","width":512,"height":512,"caption":"Seasolar Swiss"},{"@type":"BreadcrumbList","@id":"https:\/\/seasolar.ch\/condizioni-generali-vendita\/#breadcrumb","itemListElement":[{"@type":"ListItem","position":1,"name":"Home","item":"https:\/\/seasolar.ch\/"},{"@type":"ListItem","position":2,"name":"Condizioni generali vendita"}]},{"@type":"WebSite","@id":"https:\/\/seasolar.ch\/#website","url":"https:\/\/seasolar.ch\/","name":"Seasolar Swiss","description":"Dal 2008 impianti fotovoltaici &quot;chiavi in mano&quot;","publisher":{"@id":"https:\/\/seasolar.ch\/#organization"},"potentialAction":[{"@type":"SearchAction","target":{"@type":"EntryPoint","urlTemplate":"https:\/\/seasolar.ch\/?s={search_term_string}"},"query-input":{"@type":"PropertyValueSpecification","valueRequired":true,"valueName":"search_term_string"}}],"inLanguage":"fr-FR"},{"@type":"Organization","@id":"https:\/\/seasolar.ch\/#organization","name":"Seasolar Swiss","url":"https:\/\/seasolar.ch\/","logo":{"@type":"ImageObject","inLanguage":"fr-FR","@id":"https:\/\/seasolar.ch\/#\/schema\/logo\/image\/","url":"https:\/\/seasolar.ch\/wp-content\/uploads\/2025\/08\/cropped-seasolar_logo_2024_social.png","contentUrl":"https:\/\/seasolar.ch\/wp-content\/uploads\/2025\/08\/cropped-seasolar_logo_2024_social.png","width":512,"height":512,"caption":"Seasolar Swiss"},"image":{"@id":"https:\/\/seasolar.ch\/#\/schema\/logo\/image\/"},"sameAs":["https:\/\/www.facebook.com\/seasolargroup","https:\/\/x.com\/seasolargroup","https:\/\/www.linkedin.com\/in\/seasolar-group-news\/","https:\/\/www.youtube.com\/channel\/UCVrmhrGih_bFnpj0as_vDuQ","https:\/\/www.instagram.com\/fotovoltaico_seasolar\/"]}]}},"jetpack_likes_enabled":true,"jetpack-related-posts":[],"jetpack_sharing_enabled":true,"_links":{"self":[{"href":"https:\/\/seasolar.ch\/fr\/wp-json\/wp\/v2\/pages\/794","targetHints":{"allow":["GET"]}}],"collection":[{"href":"https:\/\/seasolar.ch\/fr\/wp-json\/wp\/v2\/pages"}],"about":[{"href":"https:\/\/seasolar.ch\/fr\/wp-json\/wp\/v2\/types\/page"}],"author":[{"embeddable":true,"href":"https:\/\/seasolar.ch\/fr\/wp-json\/wp\/v2\/users\/1"}],"replies":[{"embeddable":true,"href":"https:\/\/seasolar.ch\/fr\/wp-json\/wp\/v2\/comments?post=794"}],"version-history":[{"count":14,"href":"https:\/\/seasolar.ch\/fr\/wp-json\/wp\/v2\/pages\/794\/revisions"}],"predecessor-version":[{"id":808,"href":"https:\/\/seasolar.ch\/fr\/wp-json\/wp\/v2\/pages\/794\/revisions\/808"}],"wp:featuredmedia":[{"embeddable":true,"href":"https:\/\/seasolar.ch\/fr\/wp-json\/wp\/v2\/media\/8"}],"wp:attachment":[{"href":"https:\/\/seasolar.ch\/fr\/wp-json\/wp\/v2\/media?parent=794"}],"curies":[{"name":"wp","href":"https:\/\/api.w.org\/{rel}","templated":true}]}}